{"id":206,"date":"2018-11-04T22:23:56","date_gmt":"2018-11-04T22:23:56","guid":{"rendered":"https:\/\/jf-ameixial.pt\/tmp\/?page_id=206"},"modified":"2022-03-04T18:43:37","modified_gmt":"2022-03-04T18:43:37","slug":"outros","status":"publish","type":"page","link":"https:\/\/jf-ameixial.pt\/?page_id=206","title":{"rendered":"Outros"},"content":{"rendered":"<hr>\n<h3><strong><a href=\"https:\/\/www.facebook.com\/grupodesportivo.ameixialense\/\">Grupo Desportivo Ameixialense<\/a><br><\/strong><\/h3>\n<p><strong>Morada:&nbsp;<\/strong>Rua de Ameixial<br><strong>C\u00f3digo Postal:&nbsp;<\/strong>8100-050 Ameixial<br><strong>E-mail:&nbsp;<\/strong>@<br><strong>Contacto telef\u00f3nico:&nbsp;<\/strong>289<\/p>\n<hr>\n<h3><strong>Lar 3\u00aa Idade da Casa do Povo do Ameixial<\/strong><\/h3>\n<p><strong>Morada:&nbsp;<\/strong>Rua de Ameixial<br><strong>C\u00f3digo Postal:&nbsp;<\/strong>8100-050 Ameixial<br><strong>E-mail:&nbsp;<\/strong>@<br><strong>Contacto telef\u00f3nico:&nbsp;<\/strong>289 847 934<\/p>\n<hr>\n<h3><strong>Bombeiros Loul\u00e9<br><\/strong><\/h3>\n<p><strong>Morada: <\/strong>Rua Humberto Pacheco, n\u00ba14<br><strong>C\u00f3digo Postal: <\/strong>8100-735 Loul\u00e9<br><strong>\\\\ E-mail: <\/strong>@<br><strong>Contacto telef\u00f3nico: <\/strong>289 400 560<\/p>\n<hr>\n<h3><strong>Posto de Combust\u00edvel do Ameixial<br><\/strong><\/h3>\n<p><strong>Morada: <\/strong>N2<br><strong>C\u00f3digo Postal:&nbsp;<\/strong>8100-050 Ameixial<br><strong>\\\\ E-mail: <\/strong>@<br><strong>Contacto telef\u00f3nico: <\/strong>969 363 837<\/p>\n<hr>\n<h3><strong>Centro de Sa\u00fade de Loul\u00e9<br><\/strong><\/h3>\n<p><strong>Morada: <\/strong>Av. Engenheiro, Av. Laginha Serafim<br><strong>C\u00f3digo Postal: <\/strong>8009-003 Loul\u00e9<br><strong>E-mail:&nbsp;<\/strong>@<br><strong>Contacto telef\u00f3nico: <\/strong>289 401 000<\/p>\n<hr>\n<h3><strong>Centro de Sa\u00fade do Ameixial<br><\/strong><\/h3>\n<p><strong>Morada:&nbsp;<\/strong>Rua de Ameixial<br><strong>C\u00f3digo Postal:&nbsp;<\/strong>8100-050 Ameixial<br><strong>E-mail:&nbsp;<\/strong>@<br><strong>Contacto telef\u00f3nico: <\/strong>289 847 221<\/p>\n<hr>\n<h3><strong>INEM<br><\/strong><\/h3>\n<p><strong>Contacto telef\u00f3nico: <\/strong> 112<\/p>\n<hr>\n<h3><strong>Centro de Informa\u00e7\u00e3o Antivenenos<br><\/strong><\/h3>\n<p><strong>Contacto Telef\u00f3nico: <\/strong>808 250 250<\/p>\n<hr>\n<h3><strong>Sa\u00fade 24<br><\/strong><\/h3>\n<p><strong>Contacto Telef\u00f3nico: <\/strong>808 242 424<\/p>\n<hr>\n<h3><strong>GNR Salir<br><\/strong><\/h3>\n<p><strong>Morada: <\/strong>Rua Manuel Dourado Eus\u00e9bio, n\u00ba44<br><strong>C\u00f3digo Postal:&nbsp;<\/strong>8100-202 Salir<br><strong>E-mail:&nbsp;<\/strong>ct.far.dlle.pslr@gnr.pt<br><strong>Contacto telef\u00f3nico: <\/strong>289 489 136<\/p>\n<hr>\n<h3><strong>GNR Loul\u00e9<br><\/strong><\/h3>\n<p><strong>Morada: <\/strong>Travessa Charles Bonett<br><strong>C\u00f3digo Postal:&nbsp;<\/strong>8100-687 Loul\u00e9<br><strong>E-mail:&nbsp;<\/strong>ct.far.dlle.plle@gnr.pt<br><strong>Contacto telef\u00f3nico: <\/strong>289 410 490<\/p>\n\n\n<p><\/p>\n","protected":false},"excerpt":{"rendered":"<p>Grupo Desportivo Ameixialense Morada:&nbsp;Rua de AmeixialC\u00f3digo Postal:&nbsp;8100-050 AmeixialE-mail:&nbsp;@Contacto telef\u00f3nico:&nbsp;289 Lar 3\u00aa Idade da Casa do Povo do Ameixial Morada:&nbsp;Rua de AmeixialC\u00f3digo Postal:&nbsp;8100-050 AmeixialE-mail:&nbsp;@Contacto telef\u00f3nico:&nbsp;289 847 934 Bombeiros Loul\u00e9 Morada: Rua Humberto Pacheco, n\u00ba14C\u00f3digo Postal: 8100-735 Loul\u00e9\\\\ E-mail: @Contacto telef\u00f3nico: 289 400 560 Posto de Combust\u00edvel do Ameixial Morada: N2C\u00f3digo Postal:&nbsp;8100-050 Ameixial\\\\ E-mail: @Contacto telef\u00f3nico: 969 363 837 Centro de Sa\u00fade<\/p>\n<p><a class=\"more-link\" href=\"https:\/\/jf-ameixial.pt\/?page_id=206\">Read More<\/a><\/p>\n","protected":false},"author":1,"featured_media":0,"parent":0,"menu_order":0,"comment_status":"closed","ping_status":"closed","template":"","meta":{"ngg_post_thumbnail":0,"footnotes":""},"class_list":["post-206","page","type-page","status-publish"],"_links":{"self":[{"href":"https:\/\/jf-ameixial.pt\/index.php?rest_route=\/wp\/v2\/pages\/206","targetHints":{"allow":["GET"]}}],"collection":[{"href":"https:\/\/jf-ameixial.pt\/index.php?rest_route=\/wp\/v2\/pages"}],"about":[{"href":"https:\/\/jf-ameixial.pt\/index.php?rest_route=\/wp\/v2\/types\/page"}],"author":[{"embeddable":true,"href":"https:\/\/jf-ameixial.pt\/index.php?rest_route=\/wp\/v2\/users\/1"}],"replies":[{"embeddable":true,"href":"https:\/\/jf-ameixial.pt\/index.php?rest_route=%2Fwp%2Fv2%2Fcomments&post=206"}],"version-history":[{"count":1,"href":"https:\/\/jf-ameixial.pt\/index.php?rest_route=\/wp\/v2\/pages\/206\/revisions"}],"predecessor-version":[{"id":1044,"href":"https:\/\/jf-ameixial.pt\/index.php?rest_route=\/wp\/v2\/pages\/206\/revisions\/1044"}],"wp:attachment":[{"href":"https:\/\/jf-ameixial.pt\/index.php?rest_route=%2Fwp%2Fv2%2Fmedia&parent=206"}],"curies":[{"name":"wp","href":"https:\/\/api.w.org\/{rel}","templated":true}]}}